{"id":25,"date":"2020-08-24T06:06:52","date_gmt":"2020-08-24T06:06:52","guid":{"rendered":"https:\/\/sfv-schlossschule-chemnitz.de\/?page_id=25"},"modified":"2026-04-07T10:55:47","modified_gmt":"2026-04-07T08:55:47","slug":"willkommen","status":"publish","type":"page","link":"https:\/\/sfv-schlossschule-chemnitz.de\/","title":{"rendered":"Willkommen"},"content":{"rendered":"<div id=\"pl-25\"  class=\"panel-layout\" ><div id=\"pg-25-0\"  class=\"panel-grid panel-no-style\" ><div id=\"pgc-25-0-0\"  class=\"panel-grid-cell panel-grid-cell-empty panel-grid-cell-mobile-last\" ><\/div><div id=\"pgc-25-0-1\"  class=\"panel-grid-cell panel-grid-cell-empty\" ><\/div><\/div><div id=\"pg-25-1\"  class=\"panel-grid panel-has-style\" ><div class=\"panel-row-style panel-row-style-for-25-1\" ><div id=\"pgc-25-1-0\"  class=\"panel-grid-cell\" ><div id=\"panel-25-1-0-0\" class=\"so-panel widget widget_sow-editor panel-first-child panel-last-child\" data-index=\"0\" ><div\n\t\t\t\n\t\t\tclass=\"so-widget-sow-editor so-widget-sow-editor-base\"\n\t\t\t\n\t\t><h3 class=\"widget-title\">Einladung Mitgliederversammlung<\/h3>\n<div class=\"siteorigin-widget-tinymce textwidget\">\n\t<p>&nbsp;<\/p>\n<p>Sehr geehrte Mitglieder,<\/p>\n<p>hiermit laden wir Sie herzlich zur Mitgliederversammlung unseres F\u00f6rdervereins<\/p>\n<p>am\u00a0<strong>\u00a0 \u00a0 \u00a0 \u00a0 \u00a0 \u00a0 \u00a0 Dienstag, 28.04.2026, 17:00 Uhr<\/strong><br \/>\nin die\u00a0 \u00a0 \u00a0 \u00a0 \u00a0 <strong>\u00a0Aula der Schlossschule,<\/strong> K\u00fcchwaldstra\u00dfe 4, 09113 Chemnitz, ein.<\/p>\n<p>Wir freuen uns auf Ihr Kommen!<\/p>\n<p>Mit freundlichen Gr\u00fc\u00dfen<br \/>\nIhr Team des Schulf\u00f6rdervereins<\/p>\n<p>&nbsp;<\/p>\n<p>&nbsp;<\/p>\n<p>&nbsp;<\/p>\n<\/div>\n<\/div><\/div><\/div><\/div><\/div><div id=\"pg-25-2\"  class=\"panel-grid panel-has-style\" ><div class=\"panel-row-style panel-row-style-for-25-2\" ><div id=\"pgc-25-2-0\"  class=\"panel-grid-cell\" ><div id=\"panel-25-2-0-0\" class=\"so-panel widget widget_sow-editor panel-first-child\" data-index=\"1\" ><div\n\t\t\t\n\t\t\tclass=\"so-widget-sow-editor so-widget-sow-editor-base\"\n\t\t\t\n\t\t><h3 class=\"widget-title\">Projektwoche der Schlossschule - Kulturhauptstadt 2025<\/h3>\n<div class=\"siteorigin-widget-tinymce textwidget\">\n\t<p>&nbsp;<\/p>\n<p style=\"text-align: left;\">Liebe Eltern, liebe Freunde und F\u00f6rderer der Schlossschule,<\/p>\n<p>der Schulf\u00f6rderverein bedankt sich von Herzen bei<\/p>\n<p><strong>78 Unterst\u00fctzern,<\/strong><\/p>\n<p>die \u00fcber die Plattform \"99 Funken\" unglaublich gro\u00dfz\u00fcgig gespendet haben!<\/p>\n<p>Dank Euch und Ihnen konnte das Fundingziel erreicht werden!<\/p>\n<p>Die Kinder und Kollegen der Schlossschule freuen sich auf das Kulturhauptstadtprojekt, das nun finanziert werden kann!<\/p>\n<h4>DANKE! DANKE! DANKE!<\/h4>\n<p>&nbsp;<\/p>\n<p>Mit freundlichen Gr\u00fc\u00dfen<br \/>\nIhr Vorstandsteam des Schulf\u00f6rdervereins<\/p>\n<p>&nbsp;<\/p>\n<\/div>\n<\/div><\/div><div id=\"panel-25-2-0-1\" class=\"so-panel widget widget_sow-image panel-last-child\" data-index=\"2\" ><div\n\t\t\t\n\t\t\tclass=\"so-widget-sow-image so-widget-sow-image-default-c67d20f9f743-25\"\n\t\t\t\n\t\t>\n<div class=\"sow-image-container\">\n\t\t<img \n\tsrc=\"https:\/\/sfv-schlossschule-chemnitz.de\/wp-content\/uploads\/2025\/04\/Dankesschreiben-scaled.jpg\" width=\"2560\" height=\"1105\" srcset=\"https:\/\/sfv-schlossschule-chemnitz.de\/wp-content\/uploads\/2025\/04\/Dankesschreiben-scaled.jpg 2560w, https:\/\/sfv-schlossschule-chemnitz.de\/wp-content\/uploads\/2025\/04\/Dankesschreiben-300x129.jpg 300w, https:\/\/sfv-schlossschule-chemnitz.de\/wp-content\/uploads\/2025\/04\/Dankesschreiben-1024x442.jpg 1024w, https:\/\/sfv-schlossschule-chemnitz.de\/wp-content\/uploads\/2025\/04\/Dankesschreiben-768x331.jpg 768w, https:\/\/sfv-schlossschule-chemnitz.de\/wp-content\/uploads\/2025\/04\/Dankesschreiben-1536x663.jpg 1536w, https:\/\/sfv-schlossschule-chemnitz.de\/wp-content\/uploads\/2025\/04\/Dankesschreiben-2048x884.jpg 2048w\" sizes=\"(max-width: 2560px) 100vw, 2560px\" title=\"Dankesschreiben\" alt=\"\" \t\tclass=\"so-widget-image\"\/>\n\t<\/div>\n\n<\/div><\/div><\/div><\/div><\/div><div id=\"pg-25-3\"  class=\"panel-grid panel-has-style\" ><div class=\"panel-row-style panel-row-style-for-25-3\" ><div id=\"pgc-25-3-0\"  class=\"panel-grid-cell\" ><div id=\"panel-25-3-0-0\" class=\"so-panel widget widget_sow-headline panel-first-child panel-last-child\" data-index=\"3\" ><div\n\t\t\t\n\t\t\tclass=\"so-widget-sow-headline so-widget-sow-headline-default-bdb6b133f750-25\"\n\t\t\t\n\t\t><div class=\"sow-headline-container \">\n\t\t\t\t\t\t<div class=\"decoration\">\n\t\t\t\t\t\t<div class=\"decoration-inside\"><\/div>\n\t\t\t\t\t<\/div>\n\t\t\t\t\t<\/div>\n<\/div><\/div><\/div><\/div><\/div><div id=\"pg-25-4\"  class=\"panel-grid panel-has-style\" ><div class=\"panel-row-style panel-row-style-for-25-4\" ><div id=\"pgc-25-4-0\"  class=\"panel-grid-cell\" ><div id=\"panel-25-4-0-0\" class=\"so-panel widget widget_sow-editor panel-first-child\" data-index=\"4\" ><div\n\t\t\t\n\t\t\tclass=\"so-widget-sow-editor so-widget-sow-editor-base\"\n\t\t\t\n\t\t>\n<div class=\"siteorigin-widget-tinymce textwidget\">\n\t<h1 class=\"page-title entry-title title-single font-roboto\">Der SFV w\u00fcnscht allen Kindern viel Spa\u00df im Schuljahr 2024 \/ 2025!<\/h1>\n<p>&nbsp;<\/p>\n<p>&nbsp;<\/p>\n<\/div>\n<\/div><\/div><div id=\"panel-25-4-0-1\" class=\"so-panel widget widget_sow-image panel-last-child\" data-index=\"5\" ><div\n\t\t\t\n\t\t\tclass=\"so-widget-sow-image so-widget-sow-image-default-8b5b6f678277-25\"\n\t\t\t\n\t\t>\n<div class=\"sow-image-container\">\n\t\t\t<a href=\"http:\/\/sfv-schlossschule-chemnitz.de\/wp-content\/uploads\/2023\/09\/Bild_Sonnenlandpark-scaled.jpeg\"\n\t\t\t\t\t>\n\t\t\t<img \n\tsrc=\"https:\/\/sfv-schlossschule-chemnitz.de\/wp-content\/uploads\/2023\/09\/Bild_Sonnenlandpark-scaled.jpeg\" width=\"2560\" height=\"1885\" srcset=\"https:\/\/sfv-schlossschule-chemnitz.de\/wp-content\/uploads\/2023\/09\/Bild_Sonnenlandpark-scaled.jpeg 2560w, https:\/\/sfv-schlossschule-chemnitz.de\/wp-content\/uploads\/2023\/09\/Bild_Sonnenlandpark-300x221.jpeg 300w, https:\/\/sfv-schlossschule-chemnitz.de\/wp-content\/uploads\/2023\/09\/Bild_Sonnenlandpark-1024x754.jpeg 1024w, https:\/\/sfv-schlossschule-chemnitz.de\/wp-content\/uploads\/2023\/09\/Bild_Sonnenlandpark-768x565.jpeg 768w, https:\/\/sfv-schlossschule-chemnitz.de\/wp-content\/uploads\/2023\/09\/Bild_Sonnenlandpark-1536x1131.jpeg 1536w, https:\/\/sfv-schlossschule-chemnitz.de\/wp-content\/uploads\/2023\/09\/Bild_Sonnenlandpark-2048x1508.jpeg 2048w\" sizes=\"(max-width: 2560px) 100vw, 2560px\" title=\"Bild_Sonnenlandpark\" alt=\"\" \t\tclass=\"so-widget-image\"\/>\n\t\t\t<\/a><\/div>\n\n<\/div><\/div><\/div><\/div><\/div><div id=\"pg-25-5\"  class=\"panel-grid panel-has-style\" ><div class=\"panel-row-style panel-row-style-for-25-5\" ><div id=\"pgc-25-5-0\"  class=\"panel-grid-cell\" ><div id=\"panel-25-5-0-0\" class=\"so-panel widget widget_sow-editor panel-first-child panel-last-child\" data-index=\"6\" ><div\n\t\t\t\n\t\t\tclass=\"so-widget-sow-editor so-widget-sow-editor-base\"\n\t\t\t\n\t\t>\n<div class=\"siteorigin-widget-tinymce textwidget\">\n\t<h3>Herzlich Willkommen<\/h3>\n<p>&nbsp;<\/p>\n<p>Liebe Eltern und liebe Freunde der Schlossschule-Grundschule Chemnitz,<\/p>\n<p>wir begr\u00fc\u00dfen Sie auf der Homepage unseres Schulf\u00f6rdervereins. Seit 1995 besteht dieser Zusammenschluss von Eltern, Lehrern, Erziehern und Freunden unserer Grundschule zur Unterst\u00fctzung der Sch\u00fcler und der Schule in den unterschiedlichsten Bereichen. Der Verein lebt von seinen Mitgliedern, deren Ideen, Erfahrungen und M\u00f6glichkeiten!<\/p>\n<\/div>\n<\/div><\/div><\/div><\/div><\/div><\/div>","protected":false},"excerpt":{"rendered":"<p> <span class=\"excerpt-dots\">&hellip;<\/span> <a class=\"more-link\" href=\"https:\/\/sfv-schlossschule-chemnitz.de\/\"><span class=\"more-msg\">Weiterlesen &rarr;<\/span><\/a><\/p>\n","protected":false},"author":1,"featured_media":0,"parent":0,"menu_order":0,"comment_status":"closed","ping_status":"closed","template":"","meta":{"footnotes":""},"class_list":["post-25","page","type-page","status-publish","hentry"],"_links":{"self":[{"href":"https:\/\/sfv-schlossschule-chemnitz.de\/index.php\/wp-json\/wp\/v2\/pages\/25","targetHints":{"allow":["GET"]}}],"collection":[{"href":"https:\/\/sfv-schlossschule-chemnitz.de\/index.php\/wp-json\/wp\/v2\/pages"}],"about":[{"href":"https:\/\/sfv-schlossschule-chemnitz.de\/index.php\/wp-json\/wp\/v2\/types\/page"}],"author":[{"embeddable":true,"href":"https:\/\/sfv-schlossschule-chemnitz.de\/index.php\/wp-json\/wp\/v2\/users\/1"}],"replies":[{"embeddable":true,"href":"https:\/\/sfv-schlossschule-chemnitz.de\/index.php\/wp-json\/wp\/v2\/comments?post=25"}],"version-history":[{"count":10,"href":"https:\/\/sfv-schlossschule-chemnitz.de\/index.php\/wp-json\/wp\/v2\/pages\/25\/revisions"}],"predecessor-version":[{"id":625,"href":"https:\/\/sfv-schlossschule-chemnitz.de\/index.php\/wp-json\/wp\/v2\/pages\/25\/revisions\/625"}],"wp:attachment":[{"href":"https:\/\/sfv-schlossschule-chemnitz.de\/index.php\/wp-json\/wp\/v2\/media?parent=25"}],"curies":[{"name":"wp","href":"https:\/\/api.w.org\/{rel}","templated":true}]}}